{"id":103,"date":"2016-08-18T12:37:13","date_gmt":"2016-08-18T12:37:13","guid":{"rendered":"https:\/\/glonaf.org\/?page_id=103"},"modified":"2024-05-03T09:33:57","modified_gmt":"2024-05-03T09:33:57","slug":"core-researchers","status":"publish","type":"page","link":"https:\/\/glonaf.org\/index.php\/core-researchers\/","title":{"rendered":"Researchers"},"content":{"rendered":"<script type='text\/javascript' src='https:\/\/d1bxh8uas1mnw7.cloudfront.net\/assets\/embed.js'><\/script>\n<h4>Core-team members<\/h4>\n\n\n\n<div class=\"wp-block-media-text alignwide has-media-on-the-right is-stacked-on-mobile\" style=\"grid-template-columns:auto 25%\"><figure class=\"wp-block-media-text__media\"><img loading=\"lazy\" width=\"1536\" height=\"1536\" src=\"https:\/\/glonaf.org\/wp-content\/uploads\/2024\/04\/wayne.jpg\" alt=\"\" class=\"wp-image-561 size-full\"\/><\/figure><div class=\"wp-block-media-text__content\">\n<p class=\"has-normal-font-size\">W<strong>ayne Dawson<\/strong><br>University of Liverpool, UK<\/p>\n\n\n\n<p class=\"has-normal-font-size\"><a rel=\"noreferrer noopener\" href=\"http:\/\/www.durhaminvasionscience.org\" data-type=\"URL\" data-id=\"www.durhaminvasionscience.org\" target=\"_blank\">Homepage<\/a>  <br><a rel=\"noreferrer noopener\" href=\"https:\/\/orcid.org\/0000-0003-3402-0774\" target=\"_blank\">ORCID profile<\/a>  <br> E-mail: wayne.dawson@liverpool.ac.uk Twitter: @WayneDawsonEco <\/p>\n<\/div><\/div>\n\n\n\n<hr class=\"wp-block-separator has-text-color has-background is-style-wide\" style=\"background-color:#c5bfbc;color:#c5bfbc\"\/>\n\n\n\n<div class=\"wp-block-media-text alignwide has-media-on-the-right is-stacked-on-mobile\" style=\"grid-template-columns:auto 24%\"><figure class=\"wp-block-media-text__media\"><img loading=\"lazy\" width=\"2500\" height=\"1646\" src=\"https:\/\/glonaf.org\/wp-content\/uploads\/2024\/04\/franz.jpg\" alt=\"\" class=\"wp-image-559 size-full\"\/><\/figure><div class=\"wp-block-media-text__content\">\n<p class=\"has-normal-font-size\"><strong>Franz Essl<\/strong>  <br>University of Vienna, Austria<\/p>\n\n\n\n<p class=\"has-normal-font-size\"><a rel=\"noreferrer noopener\" href=\"https:\/\/cvl.univie.ac.at\/people\/Franz-Essl\/\" target=\"_blank\">Homepage<\/a> <br><a rel=\"noreferrer noopener\" href=\"https:\/\/orcid.org\/0000-0001-8253-2112\" target=\"_blank\">ORCID profile<\/a><br>E-mail: franz.essl@univie.ac.at <br>Twitter: @FranzEssl1 <\/p>\n<\/div><\/div>\n\n\n\n<hr class=\"wp-block-separator has-text-color has-background is-style-wide\" style=\"background-color:#c5bfbc;color:#c5bfbc\"\/>\n\n\n\n<div class=\"wp-block-media-text alignwide has-media-on-the-right is-stacked-on-mobile\" style=\"grid-template-columns:auto 24%\"><figure class=\"wp-block-media-text__media\"><img loading=\"lazy\" width=\"217\" height=\"200\" src=\"https:\/\/glonaf.org\/wp-content\/uploads\/2024\/04\/holger-2.jpg\" alt=\"\" class=\"wp-image-553 size-full\"\/><\/figure><div class=\"wp-block-media-text__content\">\n<p class=\"has-normal-font-size\"><strong>Holger Kreft<\/strong> <br>University of G\u00f6ttingen, Germany  <\/p>\n\n\n\n<p class=\"has-normal-font-size\"><a rel=\"noreferrer noopener\" href=\"http:\/\/www.uni-goettingen.de\/de\/218853.html\" target=\"_blank\">Homepage<\/a> <br><a rel=\"noreferrer noopener\" href=\"https:\/\/orcid.org\/0000-0003-4471-8236\" target=\"_blank\">ORCID profile<\/a><br>E-mail: hkreft@uni-goettingen.de <br>Twitter: @BioGeoKreft<\/p>\n<\/div><\/div>\n\n\n\n<hr class=\"wp-block-separator has-text-color has-background is-style-wide\" style=\"background-color:#c5bfbc;color:#c5bfbc\"\/>\n\n\n\n<div class=\"wp-block-media-text alignwide has-media-on-the-right is-stacked-on-mobile\" style=\"grid-template-columns:auto 24%\"><figure class=\"wp-block-media-text__media\"><img loading=\"lazy\" width=\"2048\" height=\"1367\" src=\"https:\/\/glonaf.org\/wp-content\/uploads\/2024\/04\/honza.jpg\" alt=\"\" class=\"wp-image-568 size-full\"\/><\/figure><div class=\"wp-block-media-text__content\">\n<p class=\"has-normal-font-size\"><strong>Jan Pergl<\/strong><br>Institute of Botany Pr\u016fhonice; Czech Academy of Sciences, Czech Republic<\/p>\n\n\n\n<p class=\"has-normal-font-size\"><a rel=\"noreferrer noopener\" href=\"http:\/\/www.ibot.cas.cz\/invasions\/pergl\" target=\"_blank\">Homepage<\/a> <br><a rel=\"noreferrer noopener\" href=\"https:\/\/orcid.org\/0000-0002-0045-1974\" target=\"_blank\">ORCID profile<\/a><br>E-mail: jan.pergl@ibot.cas.cz<br>Twitter: @JanPergl<\/p>\n<\/div><\/div>\n\n\n\n<hr class=\"wp-block-separator has-text-color has-background is-style-wide\" style=\"background-color:#c5bfbc;color:#c5bfbc\"\/>\n\n\n\n<div class=\"wp-block-media-text alignwide has-media-on-the-right is-stacked-on-mobile\" style=\"grid-template-columns:auto 24%\"><figure class=\"wp-block-media-text__media\"><img loading=\"lazy\" width=\"1067\" height=\"1600\" src=\"https:\/\/glonaf.org\/wp-content\/uploads\/2024\/04\/petr.jpg\" alt=\"\" class=\"wp-image-558 size-full\"\/><\/figure><div class=\"wp-block-media-text__content\">\n<p class=\"has-normal-font-size\"><strong>Petr Py\u0161ek<\/strong><br>Institute of Botany Pr\u016fhonice; Czech Academy of Sciences, Czech Republic<\/p>\n\n\n\n<p class=\"has-normal-font-size\"><a rel=\"noreferrer noopener\" href=\"http:\/\/www.ibot.cas.cz\/personal\/pysek\" target=\"_blank\">Homepage<\/a><br><a rel=\"noreferrer noopener\" href=\"https:\/\/orcid.org\/0000-0001-8500-442X\" target=\"_blank\">ORCID profile<\/a><br>E-mail: petr.pysek@ibot.cas.cz<\/p>\n<\/div><\/div>\n\n\n\n<hr class=\"wp-block-separator has-text-color has-background is-style-wide\" style=\"background-color:#c5bfbc;color:#c5bfbc\"\/>\n\n\n\n<div class=\"wp-block-media-text alignwide has-media-on-the-right is-stacked-on-mobile\" style=\"grid-template-columns:auto 24%\"><figure class=\"wp-block-media-text__media\"><img loading=\"lazy\" width=\"2279\" height=\"2930\" src=\"https:\/\/glonaf.org\/wp-content\/uploads\/2024\/04\/mark.jpg\" alt=\"\" class=\"wp-image-563 size-full\"\/><\/figure><div class=\"wp-block-media-text__content\">\n<p class=\"has-normal-font-size\"><strong>Mark van Kleunen<\/strong><br>University of Konstanz, Germany<\/p>\n\n\n\n<p class=\"has-normal-font-size\"><a href=\"https:\/\/www.biologie.uni-konstanz.de\/kleunen\/kleunen\/ecology-team\/prof-dr-mark-van-kleunen\/\" target=\"_blank\" rel=\"noreferrer noopener\">Homepage<\/a><br><a rel=\"noreferrer noopener\" href=\"https:\/\/orcid.org\/0000-0002-2861-3701\" target=\"_blank\">ORCID profile<\/a><br>E-mail: mark.vankleunen@uni-konstanz.de<\/p>\n<\/div><\/div>\n\n\n\n<hr class=\"wp-block-separator has-text-color has-background is-style-wide\" style=\"background-color:#c5bfbc;color:#c5bfbc\"\/>\n\n\n\n<div class=\"wp-block-media-text alignwide has-media-on-the-right is-stacked-on-mobile\" style=\"grid-template-columns:auto 24%\"><figure class=\"wp-block-media-text__media\"><img loading=\"lazy\" width=\"1083\" height=\"1500\" src=\"https:\/\/glonaf.org\/wp-content\/uploads\/2024\/04\/patrick.jpg\" alt=\"\" class=\"wp-image-560 size-full\"\/><\/figure><div class=\"wp-block-media-text__content\">\n<p class=\"has-normal-font-size\"><strong>Patrick Weigelt<\/strong><br>University of G\u00f6ttingen, Germany<\/p>\n\n\n\n<p class=\"has-normal-font-size\"><a rel=\"noreferrer noopener\" href=\"https:\/\/www.uni-goettingen.de\/de\/157014.html\" target=\"_blank\">Homepage<\/a><br><a rel=\"noreferrer noopener\" href=\"https:\/\/orcid.org\/0000-0002-2485-3708\" target=\"_blank\">ORCID profile<\/a><br>E-mail: weigelt.patrick@gmail.com<br>Twitter: @Weigelt_P<\/p>\n<\/div><\/div>\n\n\n\n<hr class=\"wp-block-separator has-text-color has-background is-style-wide\" style=\"background-color:#c5bfbc;color:#c5bfbc\"\/>\n\n\n\n<div class=\"wp-block-media-text alignwide has-media-on-the-right is-stacked-on-mobile\" style=\"grid-template-columns:auto 24%\"><figure class=\"wp-block-media-text__media\"><img loading=\"lazy\" width=\"2640\" height=\"1288\" src=\"https:\/\/glonaf.org\/wp-content\/uploads\/2024\/05\/marten.jpg\" alt=\"\" class=\"wp-image-571 size-full\"\/><\/figure><div class=\"wp-block-media-text__content\">\n<p class=\"has-normal-font-size\"><strong>Marten Winter<\/strong><br>iDiv, Germany<\/p>\n\n\n\n<p class=\"has-normal-font-size\"><a rel=\"noreferrer noopener\" href=\"https:\/\/www.idiv.de\/de\/profile\/64.html\" target=\"_blank\">Homepage<\/a> <br><a rel=\"noreferrer noopener\" href=\"https:\/\/orcid.org\/0000-0002-9593-7300\" target=\"_blank\">ORCID profile<\/a><br>E-mail: marten.winter@idiv.de<br>Twitter: @sMarten_Winter<\/p>\n<\/div><\/div>\n\n\n\n<hr class=\"wp-block-separator has-text-color has-background is-style-wide\" style=\"background-color:#c5bfbc;color:#c5bfbc\"\/>\n\n\n\n<p><strong>Active project team members<\/strong><\/p>\n\n\n\n<pre class=\"wp-block-preformatted\"><strong>Lirong Cai<\/strong>\n\n<span lang=\"EN-US\">iDiv, Germany\n<\/span>\n<a href=\"https:\/\/www.idiv.de\/de\/profile\/1880.html\" target=\"_blank\" rel=\"noreferrer noopener\">Homepage<\/a>\nE-mail: lirong.cai@idiv.de<\/pre>\n\n\n\n<pre class=\"wp-block-preformatted\"><strong>Jan \u010cuda<\/strong>\n\n<span lang=\"EN-US\">Institute of Botany Pr\u016fhonice; <\/span>Czech Academy of Sciences, Czech Republic\n\n<a rel=\"noreferrer noopener\" href=\"https:\/\/www.ibot.cas.cz\/en\/people\/person-detail\/?it=464\" target=\"_blank\">Homepage<\/a>\n<a href=\"https:\/\/orcid.org\/0000-0002-2370-2051\" target=\"_blank\" rel=\"noreferrer noopener\">ORCID profile<\/a>\nE-mail: jan.cuda@ibot.cas.cz<\/pre>\n\n\n\n<pre class=\"wp-block-preformatted\"><strong>Amy Davis<\/strong>\n\n<span lang=\"EN-US\">University of Konstanz, Germany\n<\/span>\n<a href=\"https:\/\/www.biologie.uni-konstanz.de\/kleunen\/kleunen\/ecology-team\/academic-staff-members-and-postdocs\/\" target=\"_blank\" rel=\"noreferrer noopener\">Homepage<\/a>\nE-mail: amy.davis@uni-konstanz.de<\/pre>\n\n\n\n<pre class=\"wp-block-preformatted\"><strong>Stefan Dullinger\n<\/strong>\nUniversity of Vienna, Austria\n\n<a rel=\"noreferrer noopener\" href=\"https:\/\/www.researchgate.net\/profile\/Stefan_Dullinger\" target=\"_blank\">Homepage<\/a>\n<a href=\"https:\/\/orcid.org\/0000-0003-3919-0887\" target=\"_blank\" rel=\"noreferrer noopener\">ORCID profile<\/a>\nE-mail: stefan.dullinger@univie.ac.at<\/pre>\n\n\n\n<pre class=\"wp-block-preformatted\"><strong>Shuya Fan\n<\/strong>\nUniversity of Konstanz, Germany\n\n<a href=\"https:\/\/www.biologie.uni-konstanz.de\/kleunen\/kleunen\/ecology-team\/academic-staff-members-and-postdocs\/\" target=\"_blank\" rel=\"noreferrer noopener\">Homepage<\/a>\nE-mail: shuya_fan@foxmail.com<\/pre>\n\n\n\n<pre class=\"wp-block-preformatted\"><strong>Martin Hejda<\/strong>\n\n<span lang=\"EN-US\">Institute of Botany Pr\u016fhonice; <\/span>Czech Academy of Sciences, Czech Republic\n\n<a rel=\"noreferrer noopener\" href=\"https:\/\/www.ibot.cas.cz\/en\/people\/person-detail\/?it=138\" target=\"_blank\">Homepage<\/a>\nE-mail: martin.hejda@ibot.cas.cz<\/pre>\n\n\n\n<pre class=\"wp-block-preformatted\"><strong>Nicole Kinlock<\/strong>\n\nUniversity of Konstanz, Germany\n\n<a rel=\"noreferrer noopener\" href=\"https:\/\/nlkinlock.github.io\/\" target=\"_blank\">Homepage<\/a>\n<a href=\"https:\/\/orcid.org\/0000-0002-2917-5133\" target=\"_blank\" rel=\"noreferrer noopener\">ORCID profile<\/a>\nE-mail: nicole.kinlock@uni-konstanz.de\nTwitter: @nlkinlock<\/pre>\n\n\n\n<pre class=\"wp-block-preformatted\"><strong>Alessandra Kortz<\/strong>\n\n<span lang=\"EN-US\">Institute of Botany Pr\u016fhonice; <\/span>Czech Academy of Sciences, Czech Republic\n\n<a rel=\"noreferrer noopener\" href=\"https:\/\/www.ibot.cas.cz\/en\/people\/person-detail\/?it=935\" target=\"_blank\">Homepage<\/a>\n<a rel=\"noreferrer noopener\" href=\"https:\/\/orcid.org\/0000-0002-7473-1987\" target=\"_blank\">ORCID profile<\/a>\nE-mail: alessandra.kortz@ibot.cas.cz<\/pre>\n\n\n\n<pre class=\"wp-block-preformatted\"><strong>Bernd Lenzner<\/strong>\n\nUniversity of Vienna, Austria\n\n<a rel=\"noreferrer noopener\" href=\"https:\/\/lenzner.github.io\" target=\"_blank\">Homepage<\/a>\n<a href=\"https:\/\/orcid.org\/0000-0002-2616-3479\" target=\"_blank\" rel=\"noreferrer noopener\">ORCID profile<\/a>\nE-mail: bernd.lenzner@univie.ac.at\nTwitter: @Bernd_Le_<\/pre>\n\n\n\n<pre class=\"wp-block-preformatted\"><strong>Daijun Liu<\/strong>\n\nUniversity of Vienna, Austria\n\n<a href=\"https:\/\/bioinvasions.univie.ac.at\/people_\/\" target=\"_blank\" rel=\"noreferrer noopener\">Homepage<\/a>\nE-mail: daijun.liu@univie.ac.at\nTwitter: @daijunliu<\/pre>\n\n\n\n<pre class=\"wp-block-preformatted\"><strong>Dietmar Moser\n<\/strong>\nUniversity of Vienna, Austria\n\n<a rel=\"noreferrer noopener\" href=\"http:\/\/cvl.univie.ac.at\/department\/Staff\/staff_detail.cfm?Nachname=Moser\" target=\"_blank\">Homepage<\/a>\n<a href=\"https:\/\/orcid.org\/0000-0002-2745-7508\" target=\"_blank\" rel=\"noreferrer noopener\">ORCID profile<\/a>\nE-mail: dietmar.moser@univie.ac.at<\/pre>\n\n\n\n<pre class=\"wp-block-preformatted\"><strong>Ana Novoa\n<\/strong>\n<span lang=\"EN-US\">Institute of Botany Pr\u016fhonice; <\/span>Czech Academy of Sciences, Czech Republic\nEstaci\u00f3n Experimental de Zonas \u00c1ridas (EEZA-CSIC), Almer\u00eda, Spain\n\n<a rel=\"noreferrer noopener\" href=\"https:\/\/ananovoaperez.wixsite.com\/novoa\" target=\"_blank\">Homepage<\/a>\n<a rel=\"noreferrer noopener\" href=\"https:\/\/orcid.org\/0000-0001-7092-3917\" target=\"_blank\">ORCID profile<\/a>\nE-mail: novoa.perez.ana@gmail.com\nTwitter: @ananovoaperez<\/pre>\n\n\n\n<pre class=\"wp-block-preformatted\"><strong>Ali Omer<\/strong>\n\nUniversity of Vienna, Austria\n\n<a href=\"https:\/\/bioinvasions.univie.ac.at\/people_\/\" target=\"_blank\" rel=\"noreferrer noopener\">Homepage<\/a>\nE-mail: ali.haroon.ali.omer@univie.ac.at<\/pre>\n\n\n\n<pre class=\"wp-block-preformatted\"><strong>Rashmi Paudel\n<\/strong>\n<span lang=\"EN-US\">University of Konstanz, Germany<\/span>\n\n<a href=\"https:\/\/www.biologie.uni-konstanz.de\/kleunen\/team\/phd-and-master-students\/rashmi-paudel\/\" target=\"_blank\" rel=\"noreferrer noopener\">Homepage<\/a>\nE-mail: rashmi.paudel@uni-konstanz.de<\/pre>\n\n\n\n<pre class=\"wp-block-preformatted\"><strong>Anna Schertler\n<\/strong>\nUniversity of Vienna, Austria\n\n<a rel=\"noreferrer noopener\" href=\"http:\/\/cvl.univie.ac.at\/department\/people.cfm\" target=\"_blank\">Homepage<\/a>\n<a href=\"https:\/\/orcid.org\/0000-0002-6682-7719\" target=\"_blank\" rel=\"noreferrer noopener\">ORCID profile<\/a>\nE-mail: anna.schertler@univie.ac.at<\/pre>\n\n\n\n<pre class=\"wp-block-preformatted\"><strong>Weihan Zhao<\/strong>&nbsp;\n\nUniversity of Konstanz, Germany\n\n<a href=\"https:\/\/www.biologie.uni-konstanz.de\/kleunen\/kleunen\/ecology-team\/phd-and-master-students\/\" target=\"_blank\" rel=\"noreferrer noopener\">Homepage<\/a>\nE-mail: weihan.zhao@uni-konstanz.de<\/pre>\n\n\n\n<p> <strong>Former project team members<\/strong> <\/p>\n\n\n\n<pre class=\"wp-block-preformatted\"><strong>Eduardo Arle\n<\/strong>\niDiv, Germany\n\n<a rel=\"noreferrer noopener\" href=\"https:\/\/www.idiv.de\/de\/profile\/824.html\" target=\"_blank\">Homepage<\/a>\n<a href=\"https:\/\/orcid.org\/0000-0003-4776-6161\" target=\"_blank\" rel=\"noreferrer noopener\">ORCID profile<\/a>\nE-mail: eduardo.arle@idiv.de\nTwitter: @EduardoArle<\/pre>\n\n\n\n<pre class=\"wp-block-preformatted\"><strong>Trevor Fristoe\n<\/strong>\nUniversity of Konstanz, Germany\n\n<a rel=\"noreferrer noopener\" href=\"https:\/\/www.biologie.uni-konstanz.de\/kleunen\/ecology-team\/persons-a-z\/\" target=\"_blank\">Homepage<\/a>\n<a href=\"https:\/\/orcid.org\/0000-0002-3894-8126\" target=\"_blank\" rel=\"noreferrer noopener\">ORCID profile<\/a>\nE-mail: trevor.fristoe@uni-konstanz.de<\/pre>\n\n\n\n<pre class=\"wp-block-preformatted\"><strong>Matthias Greni\u00e9<\/strong>\n\niDiv, Germany\n\n<a rel=\"noreferrer noopener\" href=\"https:\/\/www.idiv.de\/de\/profile\/1333.html\" target=\"_blank\">Homepage<\/a>\n<a href=\"https:\/\/orcid.org\/0000-0002-4659-7522\" target=\"_blank\" rel=\"noreferrer noopener\">ORCID profile<\/a>\nE-mail: matthias.grenie@idiv.de\nTwitter: @LeNematode<\/pre>\n\n\n\n<pre class=\"wp-block-preformatted\"><strong>Desika Moodley<\/strong>\n\n<span lang=\"EN-US\">Institute of Botany Pr\u016fhonice; <\/span>Czech Academy of Sciences, Czech Republic\n\n<a rel=\"noreferrer noopener\" href=\"https:\/\/www.researchgate.net\/profile\/Desika-Moodley\" target=\"_blank\">Homepage<\/a>\n<a href=\"https:\/\/orcid.org\/0000-0002-0788-2136\" target=\"_blank\" rel=\"noreferrer noopener\">ORCID profile<\/a>\nE-mail: marten.winter@idiv.de\nTwitter: @Desika_Moodley<\/pre>\n\n\n\n<pre class=\"wp-block-preformatted\"><strong>Anke Stein \n<\/strong>\nUniversity of Konstanz, Germany \n\n<a rel=\"noreferrer noopener\" href=\"https:\/\/cms.uni-konstanz.de\/vkleunen\/the-team\/anke-stein\" target=\"_blank\">Homepage<\/a>\nE-mail: anke.stein@uni-konstanz.de<\/pre>\n\n\n\n<pre class=\"wp-block-preformatted\"><strong>Qiang Yang<\/strong>&nbsp;\n\nUniversity of Konstanz, Germany\n\n<a rel=\"noreferrer noopener\" href=\"https:\/\/www.biologie.uni-konstanz.de\/kleunen\/ecology-team\/persons-a-z\/\" target=\"_blank\">Homepage<\/a>\n<a href=\"https:\/\/orcid.org\/0000-0003-4210-9007\" target=\"_blank\" rel=\"noreferrer noopener\">ORCID profile<\/a>\nE-mail: qiang.yang@uni-konstanz.de\nTwitter: @Qiang__Yang<\/pre>\n\n\n\n<p><\/p>\n","protected":false},"excerpt":{"rendered":"<p>Core-team members Wayne DawsonUniversity of Liverpool, UK Homepage ORCID profile E-mail: wayne.dawson@liverpool.ac.uk Twitter: @WayneDawsonEco Franz Essl University of Vienna, Austria Homepage ORCID profileE-mail: franz.essl@univie.ac.at Twitter: @FranzEssl1 Holger Kreft University of G\u00f6ttingen, Germany Homepage ORCID profileE-mail: hkreft@uni-goettingen.de Twitter: @BioGeoKreft Jan PerglInstitute of Botany Pr\u016fhonice; Czech Academy of Sciences, Czech Republic Homepage ORCID profileE-mail: jan.pergl@ibot.cas.czTwitter: @JanPergl Petr &hellip; <a href=\"https:\/\/glonaf.org\/index.php\/core-researchers\/\" class=\"more-link\">Continue reading <span class=\"screen-reader-text\">Researchers<\/span><\/a><\/p>\n","protected":false},"author":1,"featured_media":0,"parent":0,"menu_order":0,"comment_status":"closed","ping_status":"closed","template":"","meta":[],"_links":{"self":[{"href":"https:\/\/glonaf.org\/index.php\/wp-json\/wp\/v2\/pages\/103"}],"collection":[{"href":"https:\/\/glonaf.org\/index.php\/wp-json\/wp\/v2\/pages"}],"about":[{"href":"https:\/\/glonaf.org\/index.php\/wp-json\/wp\/v2\/types\/page"}],"author":[{"embeddable":true,"href":"https:\/\/glonaf.org\/index.php\/wp-json\/wp\/v2\/users\/1"}],"replies":[{"embeddable":true,"href":"https:\/\/glonaf.org\/index.php\/wp-json\/wp\/v2\/comments?post=103"}],"version-history":[{"count":43,"href":"https:\/\/glonaf.org\/index.php\/wp-json\/wp\/v2\/pages\/103\/revisions"}],"predecessor-version":[{"id":572,"href":"https:\/\/glonaf.org\/index.php\/wp-json\/wp\/v2\/pages\/103\/revisions\/572"}],"wp:attachment":[{"href":"https:\/\/glonaf.org\/index.php\/wp-json\/wp\/v2\/media?parent=103"}],"curies":[{"name":"wp","href":"https:\/\/api.w.org\/{rel}","templated":true}]}}